{"id":83,"date":"2019-07-30T11:05:36","date_gmt":"2019-07-30T09:05:36","guid":{"rendered":"http:\/\/s646654152.onlinehome.fr\/ndgwp\/?page_id=83"},"modified":"2025-10-06T10:37:35","modified_gmt":"2025-10-06T08:37:35","slug":"ac","status":"publish","type":"page","link":"http:\/\/s646654152.onlinehome.fr\/ndgwp\/","title":{"rendered":""},"content":{"rendered":"\n<figure class=\"wp-block-image size-large\"><a href=\"http:\/\/s646654152.onlinehome.fr\/ndgwp\/wp-content\/uploads\/2025\/10\/Inscription-fin-annee-2025.pdf\" target=\"_blank\" rel=\"noopener\"><img loading=\"lazy\" decoding=\"async\" width=\"724\" height=\"1024\" src=\"http:\/\/s646654152.onlinehome.fr\/ndgwp\/wp-content\/uploads\/2025\/10\/Retraite-fin-dannee-2025-ndg-724x1024.jpg\" alt=\"\" class=\"wp-image-509\" srcset=\"http:\/\/s646654152.onlinehome.fr\/ndgwp\/wp-content\/uploads\/2025\/10\/Retraite-fin-dannee-2025-ndg-724x1024.jpg 724w, http:\/\/s646654152.onlinehome.fr\/ndgwp\/wp-content\/uploads\/2025\/10\/Retraite-fin-dannee-2025-ndg-212x300.jpg 212w, http:\/\/s646654152.onlinehome.fr\/ndgwp\/wp-content\/uploads\/2025\/10\/Retraite-fin-dannee-2025-ndg-768x1086.jpg 768w, http:\/\/s646654152.onlinehome.fr\/ndgwp\/wp-content\/uploads\/2025\/10\/Retraite-fin-dannee-2025-ndg-1086x1536.jpg 1086w, http:\/\/s646654152.onlinehome.fr\/ndgwp\/wp-content\/uploads\/2025\/10\/Retraite-fin-dannee-2025-ndg-1448x2048.jpg 1448w, http:\/\/s646654152.onlinehome.fr\/ndgwp\/wp-content\/uploads\/2025\/10\/Retraite-fin-dannee-2025-ndg.jpg 1654w\" sizes=\"auto, (max-width: 724px) 100vw, 724px\" \/><\/a><\/figure>\n\n\n\n<p class=\"has-text-align-center\">_______________________<\/p>\n\n\n\n<p class=\"has-text-align-center\">Le pape Fran\u00e7ois dans la Bulle d\u2019indiction du Jubil\u00e9, propose que les fid\u00e8les \u00ab&nbsp;qui ne peuvent se rendre \u00e0 Rome \u00bb, puissent b\u00e9n\u00e9ficier des gr\u00e2ces attenantes \u00e0 cette ann\u00e9e jubilaire, en permettant aux \u00e9v\u00eaques de choisir <br>des \u00ab&nbsp;lieux jubilaires&nbsp;\u00bb pour leur dioc\u00e8se.<\/p>\n\n\n\n<p class=\"has-text-align-center\">Mgr Nicolas Brouwet a d\u00e9sign\u00e9 2 lieux jubilaires : la Cath\u00e9drale Notre-Dame et Saint Castor \u00e0 N\u00eemes et <br>le Sanctuaire Notre-Dame&nbsp;de Gr\u00e2ce \u00e0 Rochefort-du-Gard.<br><br>&#8211;<a href=\"https:\/\/www.nimes-catholique.fr\/wp-content\/uploads\/2025\/03\/livret-jubile-2025-v3.pdf\" target=\"_blank\" rel=\"noreferrer noopener\">T\u00e9l\u00e9charger le livret des lieux jubilaires<\/a>&#8211;<\/p>\n\n\n\n<div class=\"wp-block-image\"><figure class=\"aligncenter size-full\"><a href=\"https:\/\/www.nimes-catholique.fr\/pelerinage-dans-les-lieux-jubilaires\/\" target=\"_blank\" rel=\"noopener\"><img loading=\"lazy\" decoding=\"async\" width=\"548\" height=\"778\" src=\"http:\/\/s646654152.onlinehome.fr\/ndgwp\/wp-content\/uploads\/2025\/03\/livret_lieux_jub.png\" alt=\"\" class=\"wp-image-492\" srcset=\"http:\/\/s646654152.onlinehome.fr\/ndgwp\/wp-content\/uploads\/2025\/03\/livret_lieux_jub.png 548w, http:\/\/s646654152.onlinehome.fr\/ndgwp\/wp-content\/uploads\/2025\/03\/livret_lieux_jub-211x300.png 211w\" sizes=\"auto, (max-width: 548px) 100vw, 548px\" \/><\/a><\/figure><\/div>\n\n\n\n<center><a data-flickr-embed=\"true\" href=\"https:\/\/www.flickr.com\/photos\/deodatus\/49701237198\/in\/album-72157713635809828\/\" title=\"Notre-Dame de Gra\u0302ce\"><img loading=\"lazy\" decoding=\"async\" src=\"https:\/\/live.staticflickr.com\/31337\/49701237198_81aed0d863.jpg\" width=\"800\" height=\"450\" alt=\"Notre-Dame de Gra\u0302ce\"><\/a><script async=\"\" src=\"\/\/embedr.flickr.com\/assets\/client-code.js\" charset=\"utf-8\"><\/script><\/center>\n\n\n\n<div class=\"wp-block-image\"><figure class=\"aligncenter size-large\"><a href=\"https:\/\/donnons-gard-catholique.fr\/don\/chantiers-projets\/?projet=746\" target=\"_blank\" rel=\"noreferrer noopener\"><img loading=\"lazy\" decoding=\"async\" width=\"609\" height=\"48\" src=\"http:\/\/s646654152.onlinehome.fr\/ndgwp\/wp-content\/uploads\/2020\/05\/bouton-don.jpg\" alt=\"\" class=\"wp-image-274\" srcset=\"http:\/\/s646654152.onlinehome.fr\/ndgwp\/wp-content\/uploads\/2020\/05\/bouton-don.jpg 609w, http:\/\/s646654152.onlinehome.fr\/ndgwp\/wp-content\/uploads\/2020\/05\/bouton-don-300x24.jpg 300w\" sizes=\"auto, (max-width: 609px) 100vw, 609px\" \/><\/a><\/figure><\/div>\n","protected":false},"excerpt":{"rendered":"<p>_______________________ Le pape Fran\u00e7ois dans la Bulle d\u2019indiction du Jubil\u00e9, propose que les fid\u00e8les \u00ab&nbsp;qui ne peuvent se rendre \u00e0 Rome \u00bb, puissent b\u00e9n\u00e9ficier des [&#8230;]<\/p>\n","protected":false},"author":1,"featured_media":0,"parent":0,"menu_order":0,"comment_status":"closed","ping_status":"closed","template":"","meta":{"footnotes":""},"class_list":["post-83","page","type-page","status-publish","hentry"],"_links":{"self":[{"href":"http:\/\/s646654152.onlinehome.fr\/ndgwp\/wp-json\/wp\/v2\/pages\/83","targetHints":{"allow":["GET"]}}],"collection":[{"href":"http:\/\/s646654152.onlinehome.fr\/ndgwp\/wp-json\/wp\/v2\/pages"}],"about":[{"href":"http:\/\/s646654152.onlinehome.fr\/ndgwp\/wp-json\/wp\/v2\/types\/page"}],"author":[{"embeddable":true,"href":"http:\/\/s646654152.onlinehome.fr\/ndgwp\/wp-json\/wp\/v2\/users\/1"}],"replies":[{"embeddable":true,"href":"http:\/\/s646654152.onlinehome.fr\/ndgwp\/wp-json\/wp\/v2\/comments?post=83"}],"version-history":[{"count":101,"href":"http:\/\/s646654152.onlinehome.fr\/ndgwp\/wp-json\/wp\/v2\/pages\/83\/revisions"}],"predecessor-version":[{"id":512,"href":"http:\/\/s646654152.onlinehome.fr\/ndgwp\/wp-json\/wp\/v2\/pages\/83\/revisions\/512"}],"wp:attachment":[{"href":"http:\/\/s646654152.onlinehome.fr\/ndgwp\/wp-json\/wp\/v2\/media?parent=83"}],"curies":[{"name":"wp","href":"https:\/\/api.w.org\/{rel}","templated":true}]}}