{"id":23,"date":"2019-07-10T10:34:53","date_gmt":"2019-07-10T08:34:53","guid":{"rendered":"http:\/\/s646654152.onlinehome.fr\/ndgwp\/?page_id=23"},"modified":"2023-03-08T11:16:22","modified_gmt":"2023-03-08T10:16:22","slug":"celebrations","status":"publish","type":"page","link":"http:\/\/s646654152.onlinehome.fr\/ndgwp\/celebrations\/","title":{"rendered":"C\u00e9l\u00e9brations"},"content":{"rendered":"\n<div class=\"wp-block-image\"><figure class=\"alignright\"><img loading=\"lazy\" decoding=\"async\" width=\"324\" height=\"319\" src=\"http:\/\/s646654152.onlinehome.fr\/ndgwp\/wp-content\/uploads\/2019\/07\/celebration.jpg\" alt=\"\" class=\"wp-image-48\" srcset=\"http:\/\/s646654152.onlinehome.fr\/ndgwp\/wp-content\/uploads\/2019\/07\/celebration.jpg 324w, http:\/\/s646654152.onlinehome.fr\/ndgwp\/wp-content\/uploads\/2019\/07\/celebration-300x295.jpg 300w\" sizes=\"auto, (max-width: 324px) 100vw, 324px\" \/><\/figure><\/div>\n\n\n\n<p>Messes les dimanches et f\u00eates \u00e0 18h00<\/p>\n\n\n\n<p>Messes de semaine :<br>Lundi \u00e0 11h00<br>Jeudi \u00e0 11h00<br>Samedi \u00e0 11h00<\/p>\n\n\n\n<p>Tous les 1er samedis du mois, messe c\u00e9l\u00e9br\u00e9e pour toutes les personnes en souffrance \u00e0 11h00<\/p>\n\n\n\n<p>Chapelet le jeudi apr\u00e8s la messe de 11h00<\/p>\n\n\n\n<p>Adoration eucharistique :<br>le mercredi de 17h00 \u00e0 18h00<\/p>\n\n\n\n<p>Pri\u00e8re des Laudes \u00e0 8h00  en semaine<br>Pri\u00e8re des Laudes \u00e0 8h30 le dimanche<br>Pri\u00e8re de V\u00eapres \u00e0 18h30 en semaine<br><\/p>\n\n\n\n<p>Possibilit\u00e9 de rencontrer un pr\u00eatre, sur rendez-vous en appelant au 06 86 97 31 07<\/p>\n\n\n\n<p>Le Sanctuaire Notre Dame de Gr\u00e2ce, ins\u00e9r\u00e9 dans l\u2019ensemble paroissial de Villeneuve-l\u00e8s-Avignon, est ouvert \u00e0 tous. Chacun peut venir y prier, se ressourcer tout au long de l\u2019ann\u00e9e.<\/p>\n\n\n\n<p>Une \u00e9quipe missionn\u00e9e par l\u2019Ev\u00eaque de N\u00eemes assure l\u2019animation et l\u2019accueil depuis mars 2006. <br>Mgr Bernard Ginoux \u00e9v\u00eaque \u00e9m\u00e9rite de Montauban\u00a0 a rejoint l\u2019\u00e9quipe en octobre 22.<\/p>\n\n\n\n<p>Comme chapelain, il assure habituellement les messes et l\u2019accueil spirituel.<br>.<\/p>\n","protected":false},"excerpt":{"rendered":"<p>Messes les dimanches et f\u00eates \u00e0 18h00 Messes de semaine :Lundi \u00e0 11h00Jeudi \u00e0 11h00Samedi \u00e0 11h00 Tous les 1er samedis du mois, messe c\u00e9l\u00e9br\u00e9e [&#8230;]<\/p>\n","protected":false},"author":1,"featured_media":48,"parent":0,"menu_order":0,"comment_status":"closed","ping_status":"closed","template":"","meta":{"footnotes":""},"class_list":["post-23","page","type-page","status-publish","has-post-thumbnail","hentry"],"_links":{"self":[{"href":"http:\/\/s646654152.onlinehome.fr\/ndgwp\/wp-json\/wp\/v2\/pages\/23","targetHints":{"allow":["GET"]}}],"collection":[{"href":"http:\/\/s646654152.onlinehome.fr\/ndgwp\/wp-json\/wp\/v2\/pages"}],"about":[{"href":"http:\/\/s646654152.onlinehome.fr\/ndgwp\/wp-json\/wp\/v2\/types\/page"}],"author":[{"embeddable":true,"href":"http:\/\/s646654152.onlinehome.fr\/ndgwp\/wp-json\/wp\/v2\/users\/1"}],"replies":[{"embeddable":true,"href":"http:\/\/s646654152.onlinehome.fr\/ndgwp\/wp-json\/wp\/v2\/comments?post=23"}],"version-history":[{"count":11,"href":"http:\/\/s646654152.onlinehome.fr\/ndgwp\/wp-json\/wp\/v2\/pages\/23\/revisions"}],"predecessor-version":[{"id":418,"href":"http:\/\/s646654152.onlinehome.fr\/ndgwp\/wp-json\/wp\/v2\/pages\/23\/revisions\/418"}],"wp:featuredmedia":[{"embeddable":true,"href":"http:\/\/s646654152.onlinehome.fr\/ndgwp\/wp-json\/wp\/v2\/media\/48"}],"wp:attachment":[{"href":"http:\/\/s646654152.onlinehome.fr\/ndgwp\/wp-json\/wp\/v2\/media?parent=23"}],"curies":[{"name":"wp","href":"https:\/\/api.w.org\/{rel}","templated":true}]}}